{"id":229966,"date":"2023-07-24T13:56:09","date_gmt":"2023-07-24T18:56:09","guid":{"rendered":"https:\/\/www.promodestinos.net\/sitio\/?page_id=229966"},"modified":"2024-02-16T09:14:09","modified_gmt":"2024-02-16T14:14:09","slug":"paquetes-turisticos-eje-cafetero","status":"publish","type":"page","link":"https:\/\/www.promodestinos.net\/sitio\/paquetes-turisticos-eje-cafetero\/","title":{"rendered":"Paquetes tur\u00edsticos Eje Cafetero"},"content":{"rendered":"<p>[et_pb_section fb_built=\u00bb1&#8243; custom_padding_last_edited=\u00bbon|tablet\u00bb admin_label=\u00bbHeader\u00bb _builder_version=\u00bb4.18.0&#8243; _module_preset=\u00bbdefault\u00bb background_color=\u00bb#601010&#8243; use_background_color_gradient=\u00bbon\u00bb background_color_gradient_stops=\u00bb#601010 29%|#840606 60%\u00bb background_color_gradient_overlays_image=\u00bbon\u00bb background_image=\u00bbhttps:\/\/www.promodestinos.net\/sitio\/wp-content\/uploads\/2023\/06\/terminal-aeropuerto.jpg\u00bb background_blend=\u00bbmultiply\u00bb custom_margin=\u00bb||||false|false\u00bb custom_padding=\u00bb100px||100px||false|false\u00bb custom_padding_tablet=\u00bb||10%||false|false\u00bb custom_padding_phone=\u00bb||10%||false|false\u00bb bottom_divider_style=\u00bbramp\u00bb bottom_divider_color=\u00bb#FFFFFF\u00bb bottom_divider_repeat=\u00bb1x\u00bb bottom_divider_flip=\u00bbhorizontal\u00bb collapsed=\u00bbon\u00bb global_colors_info=\u00bb{}\u00bb][et_pb_row _builder_version=\u00bb4.18.0&#8243; _module_preset=\u00bbdefault\u00bb animation_style=\u00bbzoom\u00bb animation_delay=\u00bb200ms\u00bb animation_intensity_zoom=\u00bb20%\u00bb global_colors_info=\u00bb{}\u00bb][et_pb_column type=\u00bb4_4&#8243; _builder_version=\u00bb4.19.0&#8243; _module_preset=\u00bbdefault\u00bb global_colors_info=\u00bb{}\u00bb][et_pb_text _builder_version=\u00bb4.18.0&#8243; _dynamic_attributes=\u00bblink_option_url\u00bb _module_preset=\u00bb518880c8-46c7-4ffa-b5a6-93ffa99dcc17&#8243; text_font=\u00bbMontserrat|800||on|||||\u00bb text_text_color=\u00bb#AD9A74&#8243; text_font_size=\u00bb26px\u00bb text_line_height=\u00bb1.65em\u00bb width=\u00bb60%\u00bb width_tablet=\u00bb100%\u00bb width_phone=\u00bb100%\u00bb width_last_edited=\u00bbon|tablet\u00bb custom_margin=\u00bb||||false|false\u00bb link_option_url=\u00bb@ET-DC@eyJkeW5hbWljIjp0cnVlLCJjb250ZW50IjoicG9zdF9saW5rX3VybF9wYWdlIiwic2V0dGluZ3MiOnsicG9zdF9pZCI6IjI0In19@\u00bb text_font_size_tablet=\u00bb28px\u00bb text_font_size_phone=\u00bb22px\u00bb text_font_size_last_edited=\u00bbon|desktop\u00bb border_width_bottom=\u00bb4px\u00bb border_color_bottom=\u00bb#AD9A74&#8243; global_colors_info=\u00bb{}\u00bb]<\/p>\n<p>Paquetes tur\u00edsticos<\/p>\n<p>[\/et_pb_text][et_pb_text _builder_version=\u00bb4.18.0&#8243; _module_preset=\u00bbc16985e1-e0d6-4022-964d-e2bfc04fa633&#8243; header_font=\u00bbMontserrat|700|||||||\u00bb header_text_color=\u00bb#FFFFFF\u00bb header_font_size=\u00bb38px\u00bb header_font_size_tablet=\u00bb40px\u00bb header_font_size_phone=\u00bb32px\u00bb header_font_size_last_edited=\u00bbon|phone\u00bb global_colors_info=\u00bb{}\u00bb]<\/p>\n<h1>Paquetes tur\u00edsticos Eje Cafetero<\/h1>\n<p>[\/et_pb_text][\/et_pb_column][\/et_pb_row][et_pb_row column_structure=\u00bb3_5,2_5&#8243; _builder_version=\u00bb4.19.0&#8243; _module_preset=\u00bbdefault\u00bb animation_style=\u00bbzoom\u00bb animation_delay=\u00bb200ms\u00bb animation_intensity_zoom=\u00bb20%\u00bb global_colors_info=\u00bb{}\u00bb][et_pb_column type=\u00bb3_5&#8243; _builder_version=\u00bb4.19.0&#8243; _module_preset=\u00bbdefault\u00bb global_colors_info=\u00bb{}\u00bb][et_pb_image src=\u00bbhttps:\/\/www.promodestinos.net\/sitio\/wp-content\/uploads\/2023\/07\/img-12.jpg\u00bb title_text=\u00bbimg-(12)\u00bb force_fullwidth=\u00bbon\u00bb _builder_version=\u00bb4.18.0&#8243; _module_preset=\u00bbdefault\u00bb global_colors_info=\u00bb{}\u00bb][\/et_pb_image][\/et_pb_column][et_pb_column type=\u00bb2_5&#8243; _builder_version=\u00bb4.19.0&#8243; _module_preset=\u00bbdefault\u00bb global_colors_info=\u00bb{}\u00bb][et_pb_text _builder_version=\u00bb4.18.0&#8243; _module_preset=\u00bb518880c8-46c7-4ffa-b5a6-93ffa99dcc17&#8243; text_font=\u00bbMontserrat|700|||||||\u00bb text_text_color=\u00bb#FFFFFF\u00bb text_font_size=\u00bb22px\u00bb text_line_height=\u00bb1.65em\u00bb width=\u00bb60%\u00bb width_tablet=\u00bb100%\u00bb width_phone=\u00bb100%\u00bb width_last_edited=\u00bbon|tablet\u00bb custom_margin=\u00bb||||false|false\u00bb text_font_size_tablet=\u00bb28px\u00bb text_font_size_phone=\u00bb22px\u00bb text_font_size_last_edited=\u00bbon|desktop\u00bb border_color_bottom=\u00bb#ad9a74&#8243; global_colors_info=\u00bb{}\u00bb]<\/p>\n<p>Descripci\u00f3n:<\/p>\n<p>[\/et_pb_text][et_pb_text _builder_version=\u00bb4.18.0&#8243; _module_preset=\u00bb518880c8-46c7-4ffa-b5a6-93ffa99dcc17&#8243; text_font=\u00bbOpen Sans||||||||\u00bb text_text_color=\u00bb#FFFFFF\u00bb text_line_height=\u00bb1.65em\u00bb text_orientation=\u00bbjustified\u00bb width_tablet=\u00bb100%\u00bb width_phone=\u00bb100%\u00bb width_last_edited=\u00bboff|desktop\u00bb custom_margin=\u00bb||||false|false\u00bb text_font_size_tablet=\u00bb14px\u00bb text_font_size_phone=\u00bb14px\u00bb text_font_size_last_edited=\u00bboff|tablet\u00bb border_color_bottom=\u00bb#FFFFFF\u00bb global_colors_info=\u00bb{}\u00bb]<\/p>\n<p>\u00a1Descubre la magia del Eje Cafetero con nuestros emocionantes paquetes tur\u00edsticos! En Promodestinos, te ofrecemos una experiencia inolvidable en esta hermosa regi\u00f3n de Colombia. Nuestro paquete tur\u00edstico Eje Cafetero incluye visitas a lugares emblem\u00e1ticos como el Parque del Caf\u00e9, el Parque Los Arrieros, Panaca, el Valle de Cocora y Santa Rosa de Cabal. Sum\u00e9rgete en la cultura cafetera, explora impresionantes paisajes naturales y disfruta de emocionantes actividades para toda la familia.<\/p>\n<p>[\/et_pb_text][\/et_pb_column][\/et_pb_row][\/et_pb_section][et_pb_section fb_built=\u00bb1&#8243; admin_label=\u00bbCarrusel Logos\u00bb _builder_version=\u00bb4.17.6&#8243; _module_preset=\u00bbdefault\u00bb collapsed=\u00bbon\u00bb global_colors_info=\u00bb{}\u00bb][et_pb_row column_structure=\u00bb2_5,3_5&#8243; _builder_version=\u00bb4.19.0&#8243; _module_preset=\u00bbdefault\u00bb animation_style=\u00bbzoom\u00bb animation_delay=\u00bb200ms\u00bb animation_intensity_zoom=\u00bb20%\u00bb global_colors_info=\u00bb{}\u00bb][et_pb_column type=\u00bb2_5&#8243; _builder_version=\u00bb4.19.0&#8243; _module_preset=\u00bbdefault\u00bb global_colors_info=\u00bb{}\u00bb][et_pb_text _builder_version=\u00bb4.18.0&#8243; _module_preset=\u00bbc16985e1-e0d6-4022-964d-e2bfc04fa633&#8243; header_font=\u00bbBebas Neue||||||||\u00bb header_text_color=\u00bb#601010&#8243; header_font_size=\u00bb42px\u00bb header_2_font=\u00bbMontserrat|700|||||||\u00bb header_2_text_color=\u00bb#E02B20&#8243; header_2_font_size=\u00bb36px\u00bb header_font_size_tablet=\u00bb40px\u00bb header_font_size_phone=\u00bb32px\u00bb header_font_size_last_edited=\u00bbon|desktop\u00bb header_2_font_size_tablet=\u00bb32px\u00bb header_2_font_size_phone=\u00bb22px\u00bb header_2_font_size_last_edited=\u00bbon|tablet\u00bb border_width_bottom=\u00bb4px\u00bb border_color_bottom=\u00bb#E02B20&#8243; global_colors_info=\u00bb{}\u00bb]<\/p>\n<h2>Parque del Caf\u00e9<\/h2>\n<p>[\/et_pb_text][et_pb_text _builder_version=\u00bb4.18.0&#8243; _module_preset=\u00bb518880c8-46c7-4ffa-b5a6-93ffa99dcc17&#8243; text_font=\u00bbOpen Sans||||||||\u00bb text_text_color=\u00bb#000000&#8243; text_line_height=\u00bb1.65em\u00bb text_orientation=\u00bbjustified\u00bb width_tablet=\u00bb100%\u00bb width_phone=\u00bb100%\u00bb width_last_edited=\u00bboff|desktop\u00bb custom_margin=\u00bb||||false|false\u00bb text_font_size_tablet=\u00bb14px\u00bb text_font_size_phone=\u00bb14px\u00bb text_font_size_last_edited=\u00bboff|tablet\u00bb global_colors_info=\u00bb{}\u00bb]Sum\u00e9rgete en la cultura cafetera con nuestro emocionante tour al Parque del Caf\u00e9. Este ic\u00f3nico destino te llevar\u00e1 en un viaje fascinante a trav\u00e9s de la historia y el proceso del caf\u00e9 colombiano. Disfruta de emocionantes atracciones, espect\u00e1culos en vivo y actividades interactivas que te har\u00e1n vivir la aut\u00e9ntica experiencia cafetera. Aprende sobre el cultivo del caf\u00e9, prueba diferentes variedades y sum\u00e9rgete en la esencia misma de esta bebida ic\u00f3nica. Sin duda, el Parque del Caf\u00e9 es una visita imprescindible para los amantes del caf\u00e9 y para aquellos que desean conocer m\u00e1s sobre la cultura del Eje Cafetero.[\/et_pb_text][\/et_pb_column][et_pb_column type=\u00bb3_5&#8243; _builder_version=\u00bb4.19.0&#8243; _module_preset=\u00bbdefault\u00bb global_colors_info=\u00bb{}\u00bb][et_pb_image src=\u00bbhttps:\/\/www.promodestinos.net\/sitio\/wp-content\/uploads\/2023\/06\/img-9.jpg\u00bb title_text=\u00bbimg-(9)\u00bb _builder_version=\u00bb4.18.0&#8243; _module_preset=\u00bbdefault\u00bb global_colors_info=\u00bb{}\u00bb][\/et_pb_image][\/et_pb_column][\/et_pb_row][et_pb_row column_structure=\u00bb2_5,3_5&#8243; _builder_version=\u00bb4.19.0&#8243; _module_preset=\u00bbdefault\u00bb animation_style=\u00bbzoom\u00bb animation_delay=\u00bb200ms\u00bb animation_intensity_zoom=\u00bb20%\u00bb global_colors_info=\u00bb{}\u00bb][et_pb_column type=\u00bb2_5&#8243; _builder_version=\u00bb4.19.0&#8243; _module_preset=\u00bbdefault\u00bb global_colors_info=\u00bb{}\u00bb][et_pb_text _builder_version=\u00bb4.18.0&#8243; _module_preset=\u00bbc16985e1-e0d6-4022-964d-e2bfc04fa633&#8243; header_font=\u00bbBebas Neue||||||||\u00bb header_text_color=\u00bb#601010&#8243; header_font_size=\u00bb42px\u00bb header_2_font=\u00bbMontserrat|700|||||||\u00bb header_2_text_color=\u00bb#E02B20&#8243; header_2_font_size=\u00bb36px\u00bb header_font_size_tablet=\u00bb40px\u00bb header_font_size_phone=\u00bb32px\u00bb header_font_size_last_edited=\u00bbon|desktop\u00bb header_2_font_size_tablet=\u00bb32px\u00bb header_2_font_size_phone=\u00bb22px\u00bb header_2_font_size_last_edited=\u00bbon|tablet\u00bb border_width_bottom=\u00bb4px\u00bb border_color_bottom=\u00bb#E02B20&#8243; global_colors_info=\u00bb{}\u00bb]<\/p>\n<h2>Parque Los Arrieros<\/h2>\n<p>[\/et_pb_text][et_pb_text _builder_version=\u00bb4.18.0&#8243; _module_preset=\u00bb518880c8-46c7-4ffa-b5a6-93ffa99dcc17&#8243; text_font=\u00bbOpen Sans||||||||\u00bb text_text_color=\u00bb#000000&#8243; text_line_height=\u00bb1.65em\u00bb text_orientation=\u00bbjustified\u00bb width_tablet=\u00bb100%\u00bb width_phone=\u00bb100%\u00bb width_last_edited=\u00bboff|desktop\u00bb custom_margin=\u00bb||||false|false\u00bb text_font_size_tablet=\u00bb14px\u00bb text_font_size_phone=\u00bb14px\u00bb text_font_size_last_edited=\u00bboff|tablet\u00bb global_colors_info=\u00bb{}\u00bb]Descubre la rica tradici\u00f3n del Eje Cafetero en el Parque Los Arrieros. Aqu\u00ed, tendr\u00e1s la oportunidad de sumergirte en la historia de los arrieros, quienes fueron personajes fundamentales en el transporte de mercanc\u00edas y la vida rural de la regi\u00f3n. A trav\u00e9s de exhibiciones interactivas, espect\u00e1culos y paseos tem\u00e1ticos, te transportar\u00e1s a tiempos pasados y experimentar\u00e1s de cerca las costumbres y el folclore que hacen del Eje Cafetero un lugar \u00fanico y especial.[\/et_pb_text][\/et_pb_column][et_pb_column type=\u00bb3_5&#8243; _builder_version=\u00bb4.19.0&#8243; _module_preset=\u00bbdefault\u00bb global_colors_info=\u00bb{}\u00bb][et_pb_image src=\u00bbhttps:\/\/www.promodestinos.net\/sitio\/wp-content\/uploads\/2023\/07\/img-15.jpg\u00bb title_text=\u00bbimg-(15)\u00bb _builder_version=\u00bb4.18.0&#8243; _module_preset=\u00bbdefault\u00bb global_colors_info=\u00bb{}\u00bb][\/et_pb_image][\/et_pb_column][\/et_pb_row][et_pb_row column_structure=\u00bb2_5,3_5&#8243; _builder_version=\u00bb4.19.0&#8243; _module_preset=\u00bbdefault\u00bb animation_style=\u00bbzoom\u00bb animation_delay=\u00bb200ms\u00bb animation_intensity_zoom=\u00bb20%\u00bb global_colors_info=\u00bb{}\u00bb][et_pb_column type=\u00bb2_5&#8243; _builder_version=\u00bb4.19.0&#8243; _module_preset=\u00bbdefault\u00bb global_colors_info=\u00bb{}\u00bb][et_pb_text _builder_version=\u00bb4.18.0&#8243; _module_preset=\u00bbc16985e1-e0d6-4022-964d-e2bfc04fa633&#8243; header_font=\u00bbBebas Neue||||||||\u00bb header_text_color=\u00bb#601010&#8243; header_font_size=\u00bb42px\u00bb header_2_font=\u00bbMontserrat|700|||||||\u00bb header_2_text_color=\u00bb#E02B20&#8243; header_2_font_size=\u00bb36px\u00bb header_font_size_tablet=\u00bb40px\u00bb header_font_size_phone=\u00bb32px\u00bb header_font_size_last_edited=\u00bbon|desktop\u00bb header_2_font_size_tablet=\u00bb32px\u00bb header_2_font_size_phone=\u00bb22px\u00bb header_2_font_size_last_edited=\u00bbon|tablet\u00bb border_width_bottom=\u00bb4px\u00bb border_color_bottom=\u00bb#E02B20&#8243; global_colors_info=\u00bb{}\u00bb]<\/p>\n<h2>Panaca<\/h2>\n<p>[\/et_pb_text][et_pb_text _builder_version=\u00bb4.18.0&#8243; _module_preset=\u00bb518880c8-46c7-4ffa-b5a6-93ffa99dcc17&#8243; text_font=\u00bbOpen Sans||||||||\u00bb text_text_color=\u00bb#000000&#8243; text_line_height=\u00bb1.65em\u00bb text_orientation=\u00bbjustified\u00bb width_tablet=\u00bb100%\u00bb width_phone=\u00bb100%\u00bb width_last_edited=\u00bboff|desktop\u00bb custom_margin=\u00bb||||false|false\u00bb text_font_size_tablet=\u00bb14px\u00bb text_font_size_phone=\u00bb14px\u00bb text_font_size_last_edited=\u00bboff|tablet\u00bb global_colors_info=\u00bb{}\u00bb]Vive una experiencia inolvidable en Panaca, el parque tem\u00e1tico agropecuario m\u00e1s grande de Am\u00e9rica Latina. Disfruta de una jornada llena de diversi\u00f3n y aprendizaje, donde podr\u00e1s interactuar con m\u00e1s de 5.000 animales de granja y aprender sobre agricultura sostenible. Participa en emocionantes actividades, desde montar a caballo hasta orde\u00f1ar vacas, y descubre la importancia del campo en la cultura del Eje Cafetero. Toda la familia disfrutar\u00e1 de un d\u00eda inolvidable en Panaca, conectando con la naturaleza y la vida rural de Colombia.[\/et_pb_text][\/et_pb_column][et_pb_column type=\u00bb3_5&#8243; _builder_version=\u00bb4.19.0&#8243; _module_preset=\u00bbdefault\u00bb global_colors_info=\u00bb{}\u00bb][et_pb_image src=\u00bbhttps:\/\/www.promodestinos.net\/sitio\/wp-content\/uploads\/2023\/07\/img-14.jpg\u00bb title_text=\u00bbimg-(14)\u00bb _builder_version=\u00bb4.18.0&#8243; _module_preset=\u00bbdefault\u00bb global_colors_info=\u00bb{}\u00bb][\/et_pb_image][\/et_pb_column][\/et_pb_row][et_pb_row column_structure=\u00bb2_5,3_5&#8243; _builder_version=\u00bb4.19.0&#8243; _module_preset=\u00bbdefault\u00bb animation_style=\u00bbzoom\u00bb animation_delay=\u00bb200ms\u00bb animation_intensity_zoom=\u00bb20%\u00bb global_colors_info=\u00bb{}\u00bb][et_pb_column type=\u00bb2_5&#8243; _builder_version=\u00bb4.19.0&#8243; _module_preset=\u00bbdefault\u00bb global_colors_info=\u00bb{}\u00bb][et_pb_text _builder_version=\u00bb4.18.0&#8243; _module_preset=\u00bbc16985e1-e0d6-4022-964d-e2bfc04fa633&#8243; header_font=\u00bbBebas Neue||||||||\u00bb header_text_color=\u00bb#601010&#8243; header_font_size=\u00bb42px\u00bb header_2_font=\u00bbMontserrat|700|||||||\u00bb header_2_text_color=\u00bb#E02B20&#8243; header_2_font_size=\u00bb36px\u00bb header_font_size_tablet=\u00bb40px\u00bb header_font_size_phone=\u00bb32px\u00bb header_font_size_last_edited=\u00bbon|desktop\u00bb header_2_font_size_tablet=\u00bb32px\u00bb header_2_font_size_phone=\u00bb22px\u00bb header_2_font_size_last_edited=\u00bbon|tablet\u00bb border_width_bottom=\u00bb4px\u00bb border_color_bottom=\u00bb#E02B20&#8243; global_colors_info=\u00bb{}\u00bb]<\/p>\n<h2>Santa Rosa de Cabal<\/h2>\n<p>[\/et_pb_text][et_pb_text _builder_version=\u00bb4.18.0&#8243; _module_preset=\u00bb518880c8-46c7-4ffa-b5a6-93ffa99dcc17&#8243; text_font=\u00bbOpen Sans||||||||\u00bb text_text_color=\u00bb#000000&#8243; text_line_height=\u00bb1.65em\u00bb text_orientation=\u00bbjustified\u00bb width_tablet=\u00bb100%\u00bb width_phone=\u00bb100%\u00bb width_last_edited=\u00bboff|desktop\u00bb custom_margin=\u00bb||||false|false\u00bb text_font_size_tablet=\u00bb14px\u00bb text_font_size_phone=\u00bb14px\u00bb text_font_size_last_edited=\u00bboff|tablet\u00bb global_colors_info=\u00bb{}\u00bb]Rel\u00e1jate y rejuvenece en Santa Rosa de Cabal, un encantador pueblo conocido por sus aguas termales y paisajes monta\u00f1osos. Disfruta de un merecido descanso en aguas termales naturales, conocidas por sus propiedades curativas y relajantes. Adem\u00e1s, sum\u00e9rgete en el ambiente acogedor y tranquilo del pueblo, donde podr\u00e1s disfrutar de deliciosos platos locales y conocer la aut\u00e9ntica vida rural del Eje Cafetero. Santa Rosa de Cabal te ofrece una experiencia \u00fanica de bienestar y conexi\u00f3n con la naturaleza.[\/et_pb_text][\/et_pb_column][et_pb_column type=\u00bb3_5&#8243; _builder_version=\u00bb4.19.0&#8243; _module_preset=\u00bbdefault\u00bb global_colors_info=\u00bb{}\u00bb][et_pb_image src=\u00bbhttps:\/\/www.promodestinos.net\/sitio\/wp-content\/uploads\/2023\/07\/img-16.jpg\u00bb title_text=\u00bbimg-(16)\u00bb _builder_version=\u00bb4.18.0&#8243; _module_preset=\u00bbdefault\u00bb global_colors_info=\u00bb{}\u00bb][\/et_pb_image][\/et_pb_column][\/et_pb_row][et_pb_row column_structure=\u00bb2_5,3_5&#8243; _builder_version=\u00bb4.19.0&#8243; _module_preset=\u00bbdefault\u00bb animation_style=\u00bbzoom\u00bb animation_delay=\u00bb200ms\u00bb animation_intensity_zoom=\u00bb20%\u00bb global_colors_info=\u00bb{}\u00bb][et_pb_column type=\u00bb2_5&#8243; _builder_version=\u00bb4.19.0&#8243; _module_preset=\u00bbdefault\u00bb global_colors_info=\u00bb{}\u00bb][et_pb_text _builder_version=\u00bb4.18.0&#8243; _module_preset=\u00bbc16985e1-e0d6-4022-964d-e2bfc04fa633&#8243; header_font=\u00bbBebas Neue||||||||\u00bb header_text_color=\u00bb#601010&#8243; header_font_size=\u00bb42px\u00bb header_2_font=\u00bbMontserrat|700|||||||\u00bb header_2_text_color=\u00bb#E02B20&#8243; header_2_font_size=\u00bb36px\u00bb header_font_size_tablet=\u00bb40px\u00bb header_font_size_phone=\u00bb32px\u00bb header_font_size_last_edited=\u00bbon|desktop\u00bb header_2_font_size_tablet=\u00bb32px\u00bb header_2_font_size_phone=\u00bb22px\u00bb header_2_font_size_last_edited=\u00bbon|tablet\u00bb border_width_bottom=\u00bb4px\u00bb border_color_bottom=\u00bb#E02B20&#8243; global_colors_info=\u00bb{}\u00bb]<\/p>\n<h2>Valle de Cocora<\/h2>\n<p>[\/et_pb_text][et_pb_text _builder_version=\u00bb4.18.0&#8243; _module_preset=\u00bb518880c8-46c7-4ffa-b5a6-93ffa99dcc17&#8243; text_font=\u00bbOpen Sans||||||||\u00bb text_text_color=\u00bb#000000&#8243; text_line_height=\u00bb1.65em\u00bb text_orientation=\u00bbjustified\u00bb width_tablet=\u00bb100%\u00bb width_phone=\u00bb100%\u00bb width_last_edited=\u00bboff|desktop\u00bb custom_margin=\u00bb||||false|false\u00bb text_font_size_tablet=\u00bb14px\u00bb text_font_size_phone=\u00bb14px\u00bb text_font_size_last_edited=\u00bboff|tablet\u00bb global_colors_info=\u00bb{}\u00bb]Marav\u00edllate con la belleza natural del Valle de Cocora, famoso por sus impresionantes palmas de cera, el \u00e1rbol nacional de Colombia. Este m\u00e1gico valle te transportar\u00e1 a un mundo de ensue\u00f1o, donde caminar\u00e1s entre gigantescas palmas y descubrir\u00e1s paisajes exuberantes. Prep\u00e1rate para una caminata inolvidable por senderos rodeados de naturaleza, cruzando puentes colgantes y disfrutando de vistas panor\u00e1micas que te dejar\u00e1n sin aliento.[\/et_pb_text][\/et_pb_column][et_pb_column type=\u00bb3_5&#8243; _builder_version=\u00bb4.19.0&#8243; _module_preset=\u00bbdefault\u00bb global_colors_info=\u00bb{}\u00bb][et_pb_image src=\u00bbhttps:\/\/www.promodestinos.net\/sitio\/wp-content\/uploads\/2023\/07\/img-13.jpg\u00bb title_text=\u00bbimg-(13)\u00bb _builder_version=\u00bb4.18.0&#8243; _module_preset=\u00bbdefault\u00bb global_colors_info=\u00bb{}\u00bb][\/et_pb_image][\/et_pb_column][\/et_pb_row][\/et_pb_section]<\/p>\n","protected":false},"excerpt":{"rendered":"<p>Paquetes tur\u00edsticosPaquetes tur\u00edsticos Eje CafeteroDescripci\u00f3n:\u00a1Descubre la magia del Eje Cafetero con nuestros emocionantes paquetes tur\u00edsticos! En Promodestinos, te ofrecemos una experiencia inolvidable en esta hermosa regi\u00f3n de Colombia. Nuestro paquete tur\u00edstico Eje Cafetero incluye visitas a lugares emblem\u00e1ticos como el Parque del Caf\u00e9, el Parque Los Arrieros, Panaca, el Valle de Cocora y Santa Rosa [&hellip;]<\/p>\n","protected":false},"author":2,"featured_media":0,"parent":0,"menu_order":0,"comment_status":"closed","ping_status":"closed","template":"","meta":{"_et_pb_use_builder":"on","_et_pb_old_content":"<!-- wp:divi\/placeholder \/-->","_et_gb_content_width":"","_joinchat":[],"footnotes":""},"class_list":["post-229966","page","type-page","status-publish","hentry"],"_links":{"self":[{"href":"https:\/\/www.promodestinos.net\/sitio\/wp-json\/wp\/v2\/pages\/229966","targetHints":{"allow":["GET"]}}],"collection":[{"href":"https:\/\/www.promodestinos.net\/sitio\/wp-json\/wp\/v2\/pages"}],"about":[{"href":"https:\/\/www.promodestinos.net\/sitio\/wp-json\/wp\/v2\/types\/page"}],"author":[{"embeddable":true,"href":"https:\/\/www.promodestinos.net\/sitio\/wp-json\/wp\/v2\/users\/2"}],"replies":[{"embeddable":true,"href":"https:\/\/www.promodestinos.net\/sitio\/wp-json\/wp\/v2\/comments?post=229966"}],"version-history":[{"count":6,"href":"https:\/\/www.promodestinos.net\/sitio\/wp-json\/wp\/v2\/pages\/229966\/revisions"}],"predecessor-version":[{"id":230138,"href":"https:\/\/www.promodestinos.net\/sitio\/wp-json\/wp\/v2\/pages\/229966\/revisions\/230138"}],"wp:attachment":[{"href":"https:\/\/www.promodestinos.net\/sitio\/wp-json\/wp\/v2\/media?parent=229966"}],"curies":[{"name":"wp","href":"https:\/\/api.w.org\/{rel}","templated":true}]}}